
{"id":26565,"date":"2021-10-08T10:41:46","date_gmt":"2021-10-08T10:41:46","guid":{"rendered":"https:\/\/marinabadalona.cat\/quienes-somos\/"},"modified":"2025-08-27T13:23:56","modified_gmt":"2025-08-27T11:23:56","slug":"quienes-somos","status":"publish","type":"page","link":"https:\/\/marinabadalona.cat\/fr\/quienes-somos\/","title":{"rendered":"QUI SOMMES-NOUS"},"content":{"rendered":"<div class=\"wpb-content-wrapper\"><p>[vc_row type=\u00a0\u00bbfull_width_section\u00a0\u00bb][vc_column width=\u00a0\u00bb1\/1&Prime;][rev_slider_vc alias=\u00a0\u00bbslide-home\u00a0\u00bb][\/vc_column][\/vc_row][vc_row top_padding=\u00a0\u00bb100&Prime; bottom_padding=\u00a0\u00bb40&Prime;][vc_column width=\u00a0\u00bb1\/1&Prime;]<h1 class=\"headline font-special fontsize-xxl fontweight-500 lh-inherit align-center transform-uppercase \" style=\"margin: 0 0 20px 0;\">OBJET DE LA SOCIETE<\/h1><div class=\"headline font-special fontsize-l fontweight-400 lh-inherit align-center transform-inherit \" style=\"margin: 0 0 20px 0; color: #999999;\">QU&rsquo;EST-CE QUI NOUS BOUGE ? \u00caTRE LIDER LA R\u00c9G\u00c9N\u00c9RATION URBAINE DE LA C\u00d4TE POUR APPORTER LA CULTURE ET LES VALEURS DE LA MER<br \/>\nAU MONDE PAR UNE PASSION POUR LE NAUTIQUE<\/div><div class=\"divider divider1\" style='margin:0px 0 0px 0 !important;'><\/div>[\/vc_column][\/vc_row][vc_row top_padding=\u00a0\u00bb0&Prime; bottom_padding=\u00a0\u00bb100&Prime; bg_position=\u00a0\u00bbleft top\u00a0\u00bb][vc_column width=\u00a0\u00bb1\/2&Prime;][vc_column_text]<\/p>\n<p style=\"text-align: justify;\">Marina de Badalona, \u200b\u200b\u200b\u200bSA, est une soci\u00e9t\u00e9 commerciale, initialement \u00e0 capital public, constitu\u00e9e le 23 mai 2000 pour une dur\u00e9e ind\u00e9termin\u00e9e, qui a pour objet social : La gestion int\u00e9grale du processus de r\u00e9novation et de d\u00e9veloppement urbain et \u00e9conomique du secteur du front de mer de Badalona, \u200b\u200b\u200b\u200bdans le cadre du processus de renouvellement de la ville ordonn\u00e9 par le conseil municipal et avec l&rsquo;assemblage de celui-ci dans l&rsquo;ensemble de la croissance de la r\u00e9gion, et la construction, la gestion et l&rsquo;exploitation de la Marina et Port de p\u00eache de Badalona.<\/p>\n<p>[\/vc_column_text][\/vc_column][vc_column width=\u00a0\u00bb1\/2&Prime;][vc_column_text]<\/p>\n<p style=\"text-align: justify;\">L&rsquo;entreprise est d\u00e9tenue \u00e0 50% par la Mairie de Badalona et \u00e0 50% par la Generalitat de Catalunya. Marina de Badalona est concessionnaire de la gestion et de l&rsquo;exploitation du Port &#8211; une concession obtenue du Conseil Ex\u00e9cutif de la Generalitat de Catalunya le 22 janvier 2002 &#8211; et est, par accord de l&rsquo;Assembl\u00e9e Pl\u00e9ni\u00e8re du Conseil Municipal, Administration Urbaine agissant pour la processus de coop\u00e9ration pour la gestion du Plan Sp\u00e9cial du Port de Badalona.<\/p>\n<p>[\/vc_column_text][\/vc_column][\/vc_row][vc_row top_padding=\u00a0\u00bb0&Prime; bottom_padding=\u00a0\u00bb40&Prime; bg_position=\u00a0\u00bbleft top\u00a0\u00bb][vc_column width=\u00a0\u00bb1\/3&Prime;]<div class=\"iconbox  wpb_content_element iconbox-style-2 icon-color-accent color-dark clearfix\"><div class=\"iconbox-icon\"><i class=\"fa sl-flag boxicon\" style=\"\"><\/i><\/div><div class=\"iconbox-content\"><h3>MISSION<\/h3><p>Offrir des solutions nautiques de grande valeur \u00e0 nos clients et rapprocher la ville de Badalona de la mer.<\/p><\/div><\/div>[\/vc_column][vc_column width=\u00a0\u00bb1\/3&Prime;]<div class=\"iconbox  wpb_content_element iconbox-style-2 icon-color-accent color-dark clearfix\"><div class=\"iconbox-icon\"><i class=\"fa sl-eye boxicon\" style=\"\"><\/i><\/div><div class=\"iconbox-content\"><h3>VISION<\/h3><p>\u00catre le port de plaisance et urbain de r\u00e9f\u00e9rence au service des citoyens et \u00eatre un espace de d\u00e9veloppement \u00e9conomique dans la zone m\u00e9tropolitaine de Barcelone.<\/p><\/div><\/div>[\/vc_column][vc_column width=\u00a0\u00bb1\/3&Prime;]<div class=\"iconbox  wpb_content_element iconbox-style-2 icon-color-accent color-dark clearfix\"><div class=\"iconbox-icon\"><i class=\"fa sl-badge boxicon\" style=\"\"><\/i><\/div><div class=\"iconbox-content\"><h3>VALEURS<\/h3><p>L&rsquo;excellence de nos services<br \/>\nEfficacit\u00e9 et transparence dans notre activit\u00e9.<br \/>\nEngagement envers nos clients.<br \/>\nRespect et confiance dans les personnes.<br \/>\nResponsabilit\u00e9 sociale et environnementale.<\/p>\n<\/p><\/div><\/div>[\/vc_column][\/vc_row][vc_row bottom_padding=\u00a0\u00bb20&Prime;][vc_column width=\u00a0\u00bb1\/1&Prime;]<div class=\"divider divider1\" style='margin:00px 0 00px 0 !important;'><\/div>[\/vc_column][\/vc_row][vc_row][vc_column width=\u00a0\u00bb5\/6&Prime;]<h3 class=\"headline font-special fontsize-inherit fontweight-500 lh-inherit align-left transform-inherit \" style=\"margin: 0 0 20px 0;\">POLITIQUE DE QUALIT\u00c9, D&rsquo;ENVIRONNEMENT ET DE PR\u00c9VENTION DES RISQUES PROFESSIONNELS<br \/>\n<\/h3>[\/vc_column][vc_column width=\u00a0\u00bb1\/6&Prime;]<a href=\"https:\/\/marinabadalona.cat\/wp-content\/uploads\/2025\/08\/MSIG-AN01.v1-ENG-Politica-SIG-Marina-de-Badalona.pdf\" target=\"_blank\" class=\"button color-3 small \" style=\"border-radius: 2px;\">PDF<\/a>[\/vc_column][\/vc_row][vc_row bottom_padding=\u00a0\u00bb20&Prime;][vc_column width=\u00a0\u00bb1\/1&Prime;]<div class=\"divider divider1\" style='margin:00px 0 00px 0 !important;'><\/div>[\/vc_column][\/vc_row][vc_row][vc_column width=\u00a0\u00bb5\/6&Prime;]<h3 class=\"headline font-special fontsize-inherit fontweight-500 lh-inherit align-left transform-inherit \" style=\"margin: 0 0 20px 0;\">LES LIGNES STRAT\u00c9GIQUES DE LA SOCI\u00c9T\u00c9<\/h3>[\/vc_column][vc_column width=\u00a0\u00bb1\/6&Prime;]<a href=\"https:\/\/marinabadalona.cat\/wp-content\/uploads\/2024\/01\/Linies-Estrategiques_web_FR.pdf\" target=\"_blank\" class=\"button color-3 small \" style=\"border-radius: 2px;\">PDF<\/a>[\/vc_column][\/vc_row][vc_row bottom_padding=\u00a0\u00bb20&Prime;][vc_column width=\u00a0\u00bb1\/1&Prime;]<div class=\"divider divider1\" style='margin:00px 0 00px 0 !important;'><\/div>[\/vc_column][\/vc_row][vc_row type=\u00a0\u00bbfull_width_section\u00a0\u00bb][vc_column width=\u00a0\u00bb1\/3&Prime;]<div class=\"single_image wpb_content_element align-left    \" data-animation=\"none\" data-delay=\"0\"><img loading=\"lazy\" decoding=\"async\" width=\"1000\" height=\"1000\" src=\"https:\/\/marinabadalona.cat\/wp-content\/uploads\/2021\/10\/qui-som-objecte-de-la-societat-marinabadalona-dortoka.jpg\" class=\"attachment-full\" alt=\"\" title=\"qui-som-objecte-de-la-societat-marinabadalona-dortoka\" srcset=\"https:\/\/marinabadalona.cat\/wp-content\/uploads\/2021\/10\/qui-som-objecte-de-la-societat-marinabadalona-dortoka.jpg 1000w, https:\/\/marinabadalona.cat\/wp-content\/uploads\/2021\/10\/qui-som-objecte-de-la-societat-marinabadalona-dortoka-300x300.jpg 300w, https:\/\/marinabadalona.cat\/wp-content\/uploads\/2021\/10\/qui-som-objecte-de-la-societat-marinabadalona-dortoka-150x150.jpg 150w, https:\/\/marinabadalona.cat\/wp-content\/uploads\/2021\/10\/qui-som-objecte-de-la-societat-marinabadalona-dortoka-768x768.jpg 768w, https:\/\/marinabadalona.cat\/wp-content\/uploads\/2021\/10\/qui-som-objecte-de-la-societat-marinabadalona-dortoka-80x80.jpg 80w, https:\/\/marinabadalona.cat\/wp-content\/uploads\/2021\/10\/qui-som-objecte-de-la-societat-marinabadalona-dortoka-500x500.jpg 500w, https:\/\/marinabadalona.cat\/wp-content\/uploads\/2021\/10\/qui-som-objecte-de-la-societat-marinabadalona-dortoka-600x600.jpg 600w, https:\/\/marinabadalona.cat\/wp-content\/uploads\/2021\/10\/qui-som-objecte-de-la-societat-marinabadalona-dortoka-100x100.jpg 100w\" sizes=\"auto, (max-width: 1000px) 100vw, 1000px\" \/><\/div>[\/vc_column][vc_column width=\u00a0\u00bb1\/3&Prime;]<div class=\"single_image wpb_content_element align-left    \" data-animation=\"none\" data-delay=\"0\"><img loading=\"lazy\" decoding=\"async\" width=\"1000\" height=\"1000\" src=\"https:\/\/marinabadalona.cat\/wp-content\/uploads\/2021\/10\/qui-som-objecte-de-la-societat-facana-marinabadalona-dortoka.jpg\" class=\"attachment-full\" alt=\"\" title=\"qui-som-objecte-de-la-societat-fa\u00e7ana-marinabadalona-dortoka\" srcset=\"https:\/\/marinabadalona.cat\/wp-content\/uploads\/2021\/10\/qui-som-objecte-de-la-societat-facana-marinabadalona-dortoka.jpg 1000w, https:\/\/marinabadalona.cat\/wp-content\/uploads\/2021\/10\/qui-som-objecte-de-la-societat-facana-marinabadalona-dortoka-300x300.jpg 300w, https:\/\/marinabadalona.cat\/wp-content\/uploads\/2021\/10\/qui-som-objecte-de-la-societat-facana-marinabadalona-dortoka-150x150.jpg 150w, https:\/\/marinabadalona.cat\/wp-content\/uploads\/2021\/10\/qui-som-objecte-de-la-societat-facana-marinabadalona-dortoka-768x768.jpg 768w, https:\/\/marinabadalona.cat\/wp-content\/uploads\/2021\/10\/qui-som-objecte-de-la-societat-facana-marinabadalona-dortoka-80x80.jpg 80w, https:\/\/marinabadalona.cat\/wp-content\/uploads\/2021\/10\/qui-som-objecte-de-la-societat-facana-marinabadalona-dortoka-500x500.jpg 500w, https:\/\/marinabadalona.cat\/wp-content\/uploads\/2021\/10\/qui-som-objecte-de-la-societat-facana-marinabadalona-dortoka-600x600.jpg 600w, https:\/\/marinabadalona.cat\/wp-content\/uploads\/2021\/10\/qui-som-objecte-de-la-societat-facana-marinabadalona-dortoka-100x100.jpg 100w\" sizes=\"auto, (max-width: 1000px) 100vw, 1000px\" \/><\/div>[\/vc_column][vc_column width=\u00a0\u00bb1\/3&Prime;]<div class=\"single_image wpb_content_element align-left    \" data-animation=\"none\" data-delay=\"0\"><img loading=\"lazy\" decoding=\"async\" width=\"1000\" height=\"1000\" src=\"https:\/\/marinabadalona.cat\/wp-content\/uploads\/2021\/10\/qui-som-objecte-de-la-societat-varadero-marinabadalona-dortoka.jpg\" class=\"attachment-full\" alt=\"\" title=\"qui-som-objecte-de-la-societat-varadero-marinabadalona-dortoka\" srcset=\"https:\/\/marinabadalona.cat\/wp-content\/uploads\/2021\/10\/qui-som-objecte-de-la-societat-varadero-marinabadalona-dortoka.jpg 1000w, https:\/\/marinabadalona.cat\/wp-content\/uploads\/2021\/10\/qui-som-objecte-de-la-societat-varadero-marinabadalona-dortoka-300x300.jpg 300w, https:\/\/marinabadalona.cat\/wp-content\/uploads\/2021\/10\/qui-som-objecte-de-la-societat-varadero-marinabadalona-dortoka-150x150.jpg 150w, https:\/\/marinabadalona.cat\/wp-content\/uploads\/2021\/10\/qui-som-objecte-de-la-societat-varadero-marinabadalona-dortoka-768x768.jpg 768w, https:\/\/marinabadalona.cat\/wp-content\/uploads\/2021\/10\/qui-som-objecte-de-la-societat-varadero-marinabadalona-dortoka-80x80.jpg 80w, https:\/\/marinabadalona.cat\/wp-content\/uploads\/2021\/10\/qui-som-objecte-de-la-societat-varadero-marinabadalona-dortoka-500x500.jpg 500w, https:\/\/marinabadalona.cat\/wp-content\/uploads\/2021\/10\/qui-som-objecte-de-la-societat-varadero-marinabadalona-dortoka-600x600.jpg 600w, https:\/\/marinabadalona.cat\/wp-content\/uploads\/2021\/10\/qui-som-objecte-de-la-societat-varadero-marinabadalona-dortoka-100x100.jpg 100w\" sizes=\"auto, (max-width: 1000px) 100vw, 1000px\" \/><\/div>[\/vc_column][\/vc_row]<\/p>\n<\/div>","protected":false},"excerpt":{"rendered":"<p>[vc_row type=\u00a0\u00bbfull_width_section\u00a0\u00bb][vc_column width=\u00a0\u00bb1\/1&Prime;][rev_slider_vc alias=\u00a0\u00bbslide-home\u00a0\u00bb][\/vc_column][\/vc_row][vc_row top_padding=\u00a0\u00bb100&Prime; bottom_padding=\u00a0\u00bb40&Prime;][vc_column width=\u00a0\u00bb1\/1&Prime;][\/vc_column][\/vc_row][vc_row top_padding=\u00a0\u00bb0&Prime; bottom_padding=\u00a0\u00bb100&Prime; bg_position=\u00a0\u00bbleft top\u00a0\u00bb][vc_column width=\u00a0\u00bb1\/2&Prime;][vc_column_text] Marina de Badalona, \u200b\u200b\u200b\u200bSA, est une soci\u00e9t\u00e9 commerciale, initialement \u00e0 capital public, constitu\u00e9e le 23 mai 2000 pour une dur\u00e9e ind\u00e9termin\u00e9e, qui a pour objet social : La gestion int\u00e9grale du processus de r\u00e9novation et de d\u00e9veloppement urbain et \u00e9conomique du secteur du front de mer de Badalona, \u200b\u200b\u200b\u200bdans le cadre du processus de renouvellement de la ville ordonn\u00e9 par le conseil municipal et avec l&rsquo;assemblage de celui-ci dans l&rsquo;ensemble de la croissance de la r\u00e9gion, et la construction, la gestion et l&rsquo;exploitation de la Marina et Port de p\u00eache de Badalona. [\/vc_column_text][\/vc_column][vc_column width=\u00a0\u00bb1\/2&Prime;][vc_column_text] L&rsquo;entreprise est d\u00e9tenue \u00e0 50% par la Mairie de Badalona et \u00e0 50% par la Generalitat de Catalunya. Marina de Badalona est concessionnaire de la gestion et de l&rsquo;exploitation du Port &#8211; une concession obtenue du Conseil Ex\u00e9cutif de la Generalitat de Catalunya le 22 janvier 2002 &#8211; et est, par accord de l&rsquo;Assembl\u00e9e Pl\u00e9ni\u00e8re du Conseil Municipal, Administration Urbaine agissant pour la processus de coop\u00e9ration pour la gestion du Plan Sp\u00e9cial du Port de Badalona. [\/vc_column_text][\/vc_column][\/vc_row][vc_row top_padding=\u00a0\u00bb0&Prime; bottom_padding=\u00a0\u00bb40&Prime; bg_position=\u00a0\u00bbleft top\u00a0\u00bb][vc_column width=\u00a0\u00bb1\/3&Prime;][\/vc_column][vc_column width=\u00a0\u00bb1\/3&Prime;][\/vc_column][vc_column width=\u00a0\u00bb1\/3&Prime;][\/vc_column][\/vc_row][vc_row bottom_padding=\u00a0\u00bb20&Prime;][vc_column width=\u00a0\u00bb1\/1&Prime;][\/vc_column][\/vc_row][vc_row][vc_column width=\u00a0\u00bb5\/6&Prime;][\/vc_column][vc_column width=\u00a0\u00bb1\/6&Prime;][\/vc_column][\/vc_row][vc_row bottom_padding=\u00a0\u00bb20&Prime;][vc_column width=\u00a0\u00bb1\/1&Prime;][\/vc_column][\/vc_row][vc_row][vc_column width=\u00a0\u00bb5\/6&Prime;][\/vc_column][vc_column width=\u00a0\u00bb1\/6&Prime;][\/vc_column][\/vc_row][vc_row bottom_padding=\u00a0\u00bb20&Prime;][vc_column width=\u00a0\u00bb1\/1&Prime;][\/vc_column][\/vc_row][vc_row [&hellip;]<\/p>\n","protected":false},"author":1784,"featured_media":0,"parent":0,"menu_order":0,"comment_status":"open","ping_status":"closed","template":"","meta":{"footnotes":""},"class_list":["post-26565","page","type-page","status-publish","hentry"],"_links":{"self":[{"href":"https:\/\/marinabadalona.cat\/fr\/wp-json\/wp\/v2\/pages\/26565","targetHints":{"allow":["GET"]}}],"collection":[{"href":"https:\/\/marinabadalona.cat\/fr\/wp-json\/wp\/v2\/pages"}],"about":[{"href":"https:\/\/marinabadalona.cat\/fr\/wp-json\/wp\/v2\/types\/page"}],"author":[{"embeddable":true,"href":"https:\/\/marinabadalona.cat\/fr\/wp-json\/wp\/v2\/users\/1784"}],"replies":[{"embeddable":true,"href":"https:\/\/marinabadalona.cat\/fr\/wp-json\/wp\/v2\/comments?post=26565"}],"version-history":[{"count":4,"href":"https:\/\/marinabadalona.cat\/fr\/wp-json\/wp\/v2\/pages\/26565\/revisions"}],"predecessor-version":[{"id":38982,"href":"https:\/\/marinabadalona.cat\/fr\/wp-json\/wp\/v2\/pages\/26565\/revisions\/38982"}],"wp:attachment":[{"href":"https:\/\/marinabadalona.cat\/fr\/wp-json\/wp\/v2\/media?parent=26565"}],"curies":[{"name":"wp","href":"https:\/\/api.w.org\/{rel}","templated":true}]}}