
{"id":26676,"date":"2021-09-17T09:51:35","date_gmt":"2021-09-17T09:51:35","guid":{"rendered":"https:\/\/marinabadalona.cat\/borsa-de-treball\/"},"modified":"2025-09-19T09:01:34","modified_gmt":"2025-09-19T07:01:34","slug":"borsa-de-treball","status":"publish","type":"page","link":"https:\/\/marinabadalona.cat\/fr\/borsa-de-treball\/","title":{"rendered":"OFFRE DE TRAVAIL"},"content":{"rendered":"<div class=\"wpb-content-wrapper\"><p>[vc_row type=\u00a0\u00bbfull_width_section\u00a0\u00bb][vc_column width=\u00a0\u00bb1\/1&Prime;][rev_slider_vc alias=\u00a0\u00bbslide-home\u00a0\u00bb][\/vc_column][\/vc_row][vc_row top_padding=\u00a0\u00bb100&Prime; bottom_padding=\u00a0\u00bb40&Prime;][vc_column width=\u00a0\u00bb1\/1&Prime;]<h1 class=\"headline font-special fontsize-xxl fontweight-500 lh-inherit align-center transform-uppercase \" style=\"margin: 0 0 20px 0;\">TRAVAILLEZ AVEC NOUS<br \/>\n<\/h1><div class=\"headline font-special fontsize-l fontweight-400 lh-inherit align-center transform-inherit \" style=\"margin: 0 0 20px 0; color: #999999;\">V\u00e9rifiez les profils professionels pour faire partie de notre \u00e9quipe<\/div><div class=\"divider divider1\" style='margin:0px 0 0px 0 !important;'><\/div>[\/vc_column][\/vc_row][vc_row top_padding=\u00a0\u00bb0&Prime; bottom_padding=\u00a0\u00bb100&Prime; bg_position=\u00a0\u00bbleft top\u00a0\u00bb][vc_column width=\u00a0\u00bb1\/1&Prime;][vc_column_text]<\/p>\n<p style=\"text-align: justify;\">Pour nous, chaque travailleur est important et nous nous effor\u00e7ons de faire en sorte que votre exp\u00e9rience partag\u00e9e soit positive, peu importe depuis combien de temps vous faites partie de l&rsquo;\u00e9quipe. Si vous souhaitez conna\u00eetre notre organisation en apportant vos efforts et vos connaissances, n&rsquo;h\u00e9sitez pas, remplissez ce formulaire et vous ferez partie du pool pendant 24 mois et, s&rsquo;il y a un poste vacant qui correspond \u00e0 votre profil, nous vous contacterons.<\/p>\n<p>[\/vc_column_text][vc_tta_accordion style=\u00a0\u00bbflat\u00a0\u00bb shape=\u00a0\u00bbsquare\u00a0\u00bb color=\u00a0\u00bbpeacoc\u00a0\u00bb spacing=\u00a0\u00bb3&Prime; gap=\u00a0\u00bb3&Prime; c_icon=\u00a0\u00bb\u00a0\u00bb active_section=\u00a0\u00bb1&Prime; no_fill=\u00a0\u00bbtrue\u00a0\u00bb][vc_tta_section title=\u00a0\u00bbAucun poste disponible actuellement\u00a0\u00bb tab_id=\u00a0\u00bb1633615750421-f1298cbb-4392&Prime;][\/vc_tta_section][\/vc_tta_accordion][\/vc_column][\/vc_row][vc_row top_padding=\u00a0\u00bb40&Prime; bottom_padding=\u00a0\u00bb40&Prime;][vc_column width=\u00a0\u00bb1\/1&Prime;]<h1 class=\"headline font-special fontsize-xxl fontweight-500 lh-inherit align-center transform-uppercase \" style=\"margin: 0 0 20px 0;\">ENVOYEZ VOTRE CV<\/h1><div class=\"headline font-special fontsize-l fontweight-400 lh-inherit align-center transform-inherit \" style=\"margin: 0 0 20px 0; color: #999999;\">Pour nous, chaque personne est importante et nous souhaitons que vous avez une exp\u00e9rience positive dans l&rsquo;organisation, quelle que soit la dure\u00e9 de votre contrat de travail<\/div><div class=\"divider divider1\" style='margin:0px 0 0px 0 !important;'><\/div>[\/vc_column][\/vc_row][vc_row top_padding=\u00a0\u00bb0&Prime; bottom_padding=\u00a0\u00bb100&Prime; bg_position=\u00a0\u00bbleft top\u00a0\u00bb][vc_column width=\u00a0\u00bb1\/1&Prime;][vc_column_text]Enviar el teu curr\u00edculum a la borsa d\u2019ocupaci\u00f3 de Marina Badalona et donar\u00e0 la possibilitat de poder accedir a la nostra organitzaci\u00f3 en cas de necessitats puntuals que puguem tenir i que no es poden cobrir mitjan\u00e7ant els procediments p\u00fablics que regeixen les nostres contractacions.[\/vc_column_text][\/vc_column][\/vc_row][vc_row bg_color=\u00a0\u00bb#e8e8e8&Prime; top_padding=\u00a0\u00bb40&Prime; bottom_padding=\u00a0\u00bb40&Prime;][vc_column width=\u00a0\u00bb1\/6&Prime;][\/vc_column][vc_column width=\u00a0\u00bb2\/3&Prime;]\n<div class=\"wpcf7 no-js\" id=\"wpcf7-f26680-o1\" lang=\"ca\" dir=\"ltr\" data-wpcf7-id=\"26680\">\n<div class=\"screen-reader-response\"><p role=\"status\" aria-live=\"polite\" aria-atomic=\"true\"><\/p> <ul><\/ul><\/div>\n<form action=\"\/fr\/wp-json\/wp\/v2\/pages\/26676#wpcf7-f26680-o1\" method=\"post\" class=\"wpcf7-form init\" aria-label=\"Formulari de contacte\" enctype=\"multipart\/form-data\" novalidate=\"novalidate\" data-status=\"init\">\n<fieldset class=\"hidden-fields-container\"><input type=\"hidden\" name=\"_wpcf7\" value=\"26680\" \/><input type=\"hidden\" name=\"_wpcf7_version\" value=\"6.1.5\" \/><input type=\"hidden\" name=\"_wpcf7_locale\" value=\"ca\" \/><input type=\"hidden\" name=\"_wpcf7_unit_tag\" value=\"wpcf7-f26680-o1\" \/><input type=\"hidden\" name=\"_wpcf7_container_post\" value=\"0\" \/><input type=\"hidden\" name=\"_wpcf7_posted_data_hash\" value=\"\" \/><input type=\"hidden\" name=\"_wpcf7_recaptcha_response\" value=\"\" \/>\n<\/fieldset>\n<div class=\"wpcf7-response-output\" aria-hidden=\"true\"><\/div>\n<h1 class=\"formnews\" style=\"font-size:20px; font-family:'Montserrat',Arial,Helvetica,sans-serif;\">OFFRE DE TRAVAIL\n<\/h1>\n<table id=\"cv\">\n\t<h2 class=\"formnews\" style=\"font-size:20px; font-family:'Montserrat',Arial,Helvetica,sans-serif; font-weight:normal;\">Donn\u00e9es personnelles et de contact\n\t<\/h2>\n\t<tr>\n\t\t<td style=\"padding:5px;\">\n\t\t\t<p><label class=\"formnews\" style=\"font-size:15px; font-family:'Montserrat',Arial,Helvetica,sans-serif;\">Pr\u00e9nom et nom:<br \/>\n<span class=\"wpcf7-form-control-wrap\" data-name=\"nomcognom\"><input size=\"40\" maxlength=\"400\" class=\"wpcf7-form-control wpcf7-text wpcf7-validates-as-required inputForm\" aria-required=\"true\" aria-invalid=\"false\" value=\"\" type=\"text\" name=\"nomcognom\" \/><\/span><\/label>\n\t\t\t<\/p>\n\t\t<\/td>\n\t\t<td style=\"padding:5px;\">\n\t\t\t<p><label class=\"formnews\" style=\"font-size:15px; font-family:'Montserrat',Arial,Helvetica,sans-serif;\">Date de naissance: <span class=\"wpcf7-form-control-wrap\" data-name=\"fechanacimiento\"><input class=\"wpcf7-form-control wpcf7-date wpcf7-validates-as-required wpcf7-validates-as-date inputForm\" aria-required=\"true\" aria-invalid=\"false\" value=\"\" type=\"date\" name=\"fechanacimiento\" \/><\/span><\/label>\n\t\t\t<\/p>\n\t\t<\/td>\n\t<\/tr>\n\t<tr>\n\t\t<td style=\"padding:5px;\">\n\t\t\t<p><label class=\"formnews\" style=\"font-size:15px; font-family:'Montserrat',Arial,Helvetica,sans-serif;\">T\u00e9l\u00e9phone:<br \/>\n<span class=\"wpcf7-form-control-wrap\" data-name=\"telefono\"><input size=\"40\" maxlength=\"400\" class=\"wpcf7-form-control wpcf7-text wpcf7-validates-as-required inputForm\" aria-required=\"true\" aria-invalid=\"false\" value=\"\" type=\"text\" name=\"telefono\" \/><\/span><\/label>\n\t\t\t<\/p>\n\t\t<\/td>\n\t\t<td style=\"padding:5px;\">\n\t\t\t<p><label class=\"formnews\" style=\"font-size:15px; font-family:'Montserrat',Arial,Helvetica,sans-serif;\">E-mail:<br \/>\n<span class=\"wpcf7-form-control-wrap\" data-name=\"correo\"><input size=\"40\" maxlength=\"400\" class=\"wpcf7-form-control wpcf7-email wpcf7-validates-as-required wpcf7-text wpcf7-validates-as-email inputForm\" aria-required=\"true\" aria-invalid=\"false\" value=\"\" type=\"email\" name=\"correo\" \/><\/span><\/label>\n\t\t\t<\/p>\n\t\t<\/td>\n\t<\/tr>\n\t<tr>\n\t\t<td style=\"padding:5px;\">\n\t\t\t<p><label class=\"formnews\" style=\"font-size:15px; font-family:'Montserrat',Arial,Helvetica,sans-serif;\">Niveau d'\u00e9tudes: <span class=\"wpcf7-form-control-wrap\" data-name=\"etudes\"><select class=\"wpcf7-form-control wpcf7-select wpcf7-validates-as-required\" aria-required=\"true\" aria-invalid=\"false\" name=\"etudes\"><option value=\"Enseignement primaire\">Enseignement primaire<\/option><option value=\"Enseignement secondaire\">Enseignement secondaire<\/option><option value=\"Baccalaur\u00e9at\/COU\">Baccalaur\u00e9at\/COU<\/option><option value=\"Formation professionnelle\">Formation professionnelle<\/option><option value=\"Licence\/Dipl\u00f4me\">Licence\/Dipl\u00f4me<\/option><option value=\"Master\/Licence\/Ing\u00e9nieur\">Master\/Licence\/Ing\u00e9nieur<\/option><option value=\"Doctorat\">Doctorat<\/option><\/select><\/span><\/label>\n\t\t\t<\/p>\n\t\t<\/td>\n\t\t<td style=\"padding:5px;\">\n\t\t\t<p><label class=\"formnews\" style=\"font-size:15px; font-family:'Montserrat',Arial,Helvetica,sans-serif;\">Espace de travail : <span class=\"wpcf7-form-control-wrap\" data-name=\"espace\"><select class=\"wpcf7-form-control wpcf7-select wpcf7-validates-as-required\" aria-required=\"true\" aria-invalid=\"false\" name=\"espace\"><option value=\"Marine\">Marine<\/option><option value=\"Administration\">Administration<\/option><\/select><\/span><\/label>\n\t\t\t<\/p>\n\t\t<\/td>\n\t<\/tr>\n\t<tr>\n\t\t<td colspan=\"2\" style=\"padding:5px;\">\n\t\t\t<p><label class=\"formnews\" style=\"font-size:15px; font-family:'Montserrat',Arial,Helvetica,sans-serif;\">Pourquoi est-ce que je veux faire partie de l'\u00e9quipe du Port de Badalona ?<br \/>\n<textarea style=\"resize:vertical; min-height: 46px !important;\" name=\"textarea\" rows=\"1\" cols=\"50\"><\/textarea><br \/>\n<\/label>\n\t\t\t<\/p>\n\t\t<\/td>\n\t<\/tr>\n\t<tr>\n\t\t<td colspan=\"2\" style=\"padding:5px;\">\n\t\t\t<p><label class=\"formnews\" style=\"font-size:15px; font-family:'Montserrat',Arial,Helvetica,sans-serif; margin-bottom: 20px;\">T\u00e9l\u00e9charger votre CV: <span class=\"wpcf7-form-control-wrap\" data-name=\"archivo\"><input size=\"40\" class=\"wpcf7-form-control wpcf7-file wpcf7-validates-as-required\" id=\"archivoform\" accept=\"audio\/*,video\/*,image\/*\" aria-required=\"true\" aria-invalid=\"false\" type=\"file\" name=\"archivo\" \/><\/span><\/label>\n\t\t\t<\/p>\n\t\t<\/td>\n\t<\/tr>\n<\/table>\n<div>\n\t<p id=\"polpriv\" class=\"formnews\" style=\"width:70%; float:left; font-weight: normal; font-family:'Montserrat',Arial,Helvetica,sans-serif; font-size:13px;\"><input type=\"checkbox\" id=\"politica\" name=\"politica\" checked \/> En envoyant le formulaire, j'accepte la <a href=\"http:\/\/novaweb.marinabadalona.cat\/es\/politica-de-privacidad\/\">politique de confidentialit\u00e9 <\/a>et l'utilisation des donn\u00e9es personnelles afin de g\u00e9rer ma candidature.\n\t<\/p>\n\t<p><input id=\"enviarbutton\" style=\"float:right; font-family:'Montserrat',Arial,Helvetica,sans-serif; width:20%; padding:15px 20px; border-radius:25px; background-color:black; color:white; font-weight:bold; border:1px solid black; margin-top:10px;\" type=\"submit\" value=\"ENVOYER\" \/>\n\t<\/p>\n<\/div>\n<style>\n.inputForm{\nwidth:100%; \nborder-with:2px;\n}\n<\/style><input type='hidden' class='wpcf7-pum' value='{\"closepopup\":false,\"closedelay\":0,\"openpopup\":false,\"openpopup_id\":0}' \/>\n<\/form>\n<\/div>\n[\/vc_column][vc_column width=\u00a0\u00bb1\/6&Prime;][\/vc_column][\/vc_row]<\/p>\n<\/div>","protected":false},"excerpt":{"rendered":"<p>[vc_row type=\u00a0\u00bbfull_width_section\u00a0\u00bb][vc_column width=\u00a0\u00bb1\/1&Prime;][rev_slider_vc alias=\u00a0\u00bbslide-home\u00a0\u00bb][\/vc_column][\/vc_row][vc_row top_padding=\u00a0\u00bb100&Prime; bottom_padding=\u00a0\u00bb40&Prime;][vc_column width=\u00a0\u00bb1\/1&Prime;][\/vc_column][\/vc_row][vc_row top_padding=\u00a0\u00bb0&Prime; bottom_padding=\u00a0\u00bb100&Prime; bg_position=\u00a0\u00bbleft top\u00a0\u00bb][vc_column width=\u00a0\u00bb1\/1&Prime;][vc_column_text] Pour nous, chaque travailleur est important et nous nous effor\u00e7ons de faire en sorte que votre exp\u00e9rience partag\u00e9e soit positive, peu importe depuis combien de temps vous faites partie de l&rsquo;\u00e9quipe. Si vous souhaitez conna\u00eetre notre organisation en apportant vos efforts et vos connaissances, n&rsquo;h\u00e9sitez pas, remplissez ce formulaire et vous ferez partie du pool pendant 24 mois et, s&rsquo;il y a un poste vacant qui correspond \u00e0 votre profil, nous vous contacterons. [\/vc_column_text][vc_tta_accordion style=\u00a0\u00bbflat\u00a0\u00bb shape=\u00a0\u00bbsquare\u00a0\u00bb color=\u00a0\u00bbpeacoc\u00a0\u00bb spacing=\u00a0\u00bb3&Prime; gap=\u00a0\u00bb3&Prime; c_icon=\u00a0\u00bb\u00a0\u00bb active_section=\u00a0\u00bb1&Prime; no_fill=\u00a0\u00bbtrue\u00a0\u00bb][vc_tta_section title=\u00a0\u00bbAucun poste disponible actuellement\u00a0\u00bb tab_id=\u00a0\u00bb1633615750421-f1298cbb-4392&Prime;][\/vc_tta_section][\/vc_tta_accordion][\/vc_column][\/vc_row][vc_row top_padding=\u00a0\u00bb40&Prime; bottom_padding=\u00a0\u00bb40&Prime;][vc_column width=\u00a0\u00bb1\/1&Prime;][\/vc_column][\/vc_row][vc_row top_padding=\u00a0\u00bb0&Prime; bottom_padding=\u00a0\u00bb100&Prime; bg_position=\u00a0\u00bbleft top\u00a0\u00bb][vc_column width=\u00a0\u00bb1\/1&Prime;][vc_column_text]Enviar el teu curr\u00edculum a la borsa d\u2019ocupaci\u00f3 de Marina Badalona et donar\u00e0 la possibilitat de poder accedir a la nostra organitzaci\u00f3 en cas de necessitats puntuals que puguem tenir i que no es poden cobrir mitjan\u00e7ant els procediments p\u00fablics que regeixen les nostres contractacions.[\/vc_column_text][\/vc_column][\/vc_row][vc_row bg_color=\u00a0\u00bb#e8e8e8&Prime; top_padding=\u00a0\u00bb40&Prime; bottom_padding=\u00a0\u00bb40&Prime;][vc_column width=\u00a0\u00bb1\/6&Prime;][\/vc_column][vc_column width=\u00a0\u00bb2\/3&Prime;][\/vc_column][vc_column width=\u00a0\u00bb1\/6&Prime;][\/vc_column][\/vc_row]<\/p>\n","protected":false},"author":1784,"featured_media":0,"parent":0,"menu_order":0,"comment_status":"open","ping_status":"closed","template":"","meta":{"footnotes":""},"class_list":["post-26676","page","type-page","status-publish","hentry"],"_links":{"self":[{"href":"https:\/\/marinabadalona.cat\/fr\/wp-json\/wp\/v2\/pages\/26676","targetHints":{"allow":["GET"]}}],"collection":[{"href":"https:\/\/marinabadalona.cat\/fr\/wp-json\/wp\/v2\/pages"}],"about":[{"href":"https:\/\/marinabadalona.cat\/fr\/wp-json\/wp\/v2\/types\/page"}],"author":[{"embeddable":true,"href":"https:\/\/marinabadalona.cat\/fr\/wp-json\/wp\/v2\/users\/1784"}],"replies":[{"embeddable":true,"href":"https:\/\/marinabadalona.cat\/fr\/wp-json\/wp\/v2\/comments?post=26676"}],"version-history":[{"count":15,"href":"https:\/\/marinabadalona.cat\/fr\/wp-json\/wp\/v2\/pages\/26676\/revisions"}],"predecessor-version":[{"id":38989,"href":"https:\/\/marinabadalona.cat\/fr\/wp-json\/wp\/v2\/pages\/26676\/revisions\/38989"}],"wp:attachment":[{"href":"https:\/\/marinabadalona.cat\/fr\/wp-json\/wp\/v2\/media?parent=26676"}],"curies":[{"name":"wp","href":"https:\/\/api.w.org\/{rel}","templated":true}]}}