
{"id":33178,"date":"2021-10-07T08:01:30","date_gmt":"2021-10-07T08:01:30","guid":{"rendered":"https:\/\/marinabadalona.cat\/organs-de-govern\/"},"modified":"2024-01-15T10:44:02","modified_gmt":"2024-01-15T09:44:02","slug":"organs-de-govern","status":"publish","type":"page","link":"https:\/\/marinabadalona.cat\/fr\/organs-de-govern\/","title":{"rendered":"\u00d2RGANS DE GOVERN"},"content":{"rendered":"<div class=\"wpb-content-wrapper\"><p>[vc_row type=\u00a0\u00bbfull_width_section\u00a0\u00bb][vc_column width=\u00a0\u00bb1\/1&Prime;][rev_slider_vc alias=\u00a0\u00bbSLIDE-HOME_CA\u00a0\u00bb][\/vc_column][\/vc_row][vc_row top_padding=\u00a0\u00bb100&Prime; bottom_padding=\u00a0\u00bb40&Prime;][vc_column width=\u00a0\u00bb1\/1&Prime;]<h1 class=\"headline font-special fontsize-xxl fontweight-500 lh-inherit align-center transform-uppercase \" style=\"margin: 0 0 20px 0;\">ORGANES DIRECTEURS<\/h1><div class=\"headline font-special fontsize-l fontweight-400 lh-inherit align-center transform-inherit \" style=\"margin: 0 0 20px 0; color: #999999;\">LES ORGANES D&rsquo;ADMINISTRATION ET DE DIRECTION DE LA SOCIETE SONT L&rsquo;ASSEMBLEE GENERALE, LE CONSEIL D&rsquo;ADMINISTRATION ET LA DIRECTION.<\/div><div class=\"divider divider1\" style='margin:0px 0 0px 0 !important;'><\/div>[\/vc_column][\/vc_row][vc_row top_padding=\u00a0\u00bb0&Prime; bottom_padding=\u00a0\u00bb40&Prime; bg_position=\u00a0\u00bbleft top\u00a0\u00bb][vc_column width=\u00a0\u00bb1\/1&Prime;][vc_column_text]Les organes de gouvernance et de direction de la soci\u00e9t\u00e9 sont :<\/p>\n<ul>\n<li>L&rsquo;Assembl\u00e9e G\u00e9n\u00e9rale. EIle est compos\u00e9e \u00e0 50% de membres, qui sont le conseil municipal de Badalona et l&rsquo;administration de la Generalitat de Catalunya. EIle est pr\u00e9sid\u00e9e par le maire de la ville.<\/li>\n<li>Le Conseil d&rsquo;administration. Compos\u00e9 de 14 personnes (7 repr\u00e9sentant la Mairie et 7 repr\u00e9sentant la Generalitat). Pr\u00e9sid\u00e9 par le maire de la ville.<br \/>\nUne 1\u00e8re Vice-Pr\u00e9sidence (Generalitat) et une 2\u00e8me Vice-Pr\u00e9sidence (Conseil Municipal) sont nomm\u00e9es. Le conseil peut choisir de nommer un ou plusieurs directeurs g\u00e9n\u00e9raux parmi ses membres (mandat de 5 ans, renouvelable une ou plusieurs fois pour une dur\u00e9e \u00e9gale). Actuellement ce chiffre n&rsquo;existe pas et la gestion incombe \u00e0 la direction.<\/li>\n<li>La gestion. <a href=\"https:\/\/marinabadalona.cat\/wp-content\/uploads\/2023\/11\/CV-Imanol-Sanz-Martinez.pdf\" target=\"_blank\" rel=\"noopener\">Imanol Sanz Mart\u00ednez<\/a> est le g\u00e9rant de Marina Badalona depuis le 1er f\u00e9vrier 2013..<\/li>\n<\/ul>\n<p>[\/vc_column_text][\/vc_column][\/vc_row][vc_row bottom_padding=\u00a0\u00bb20&Prime;][vc_column width=\u00a0\u00bb1\/1&Prime;][vc_column_text]\n<table id=\"tablepress-153\" class=\"tablepress tablepress-id-153\">\n<tbody class=\"row-striping row-hover\">\n<tr class=\"row-1\">\n\t<td class=\"column-1\">Presid\u00e8ncia<\/td><td class=\"column-2\"><a href=\"https:\/\/www.seu-e.cat\/ca\/web\/badalona\/govern-obert-i-transparencia\/informacio-institucional-i-organitzativa\/organitzacio-politica-i-retribucions\/carrecs-electes\/-\/grupPolitic\/veureCarrec\/6401?p_auth=p9HYUKJ5o\" rel=\"noopener\" target=\"_blank\">Xavier Garc\u00eda Albiol<\/a><\/td>\n<\/tr>\n<tr class=\"row-2\">\n\t<td class=\"column-1\">Vicepresid\u00e8ncia primera<\/td><td class=\"column-2\"><a href=\"https:\/\/www.seu-e.cat\/ca\/web\/badalona\/govern-obert-i-transparencia\/informacio-institucional-i-organitzativa\/organitzacio-politica-i-retribucions\/carrecs-electes\/-\/grupPolitic\/veureCarrec\/12299?p_auth=p9HYUKJ5\" rel=\"noopener\" target=\"_blank\">Fernando Carrera Lopez<\/a> <\/td>\n<\/tr>\n<tr class=\"row-3\">\n\t<td class=\"column-1\">Vicepresid\u00e8ncia segona<\/td><td class=\"column-2\"><a href=\"https:\/\/www.diba.cat\/es\/web\/ladiputacio\/ramon-riera-macia\" rel=\"noopener\" target=\"_blank\">Ram\u00f3n Riera Macia <\/a><\/td>\n<\/tr>\n<tr class=\"row-4\">\n\t<td class=\"column-1\">Consellers\/as Per l'Ajuntament<\/td><td class=\"column-2\"><a href=\"https:\/\/www.seu-e.cat\/ca\/web\/badalona\/govern-obert-i-transparencia\/informacio-institucional-i-organitzativa\/organitzacio-politica-i-retribucions\/carrecs-electes\/-\/grupPolitic\/veureCarrec\/6409?p_auth=p9HYUKJ5\" rel=\"noopener\" target=\"_blank\">Rosa del Amo Hern\u00e1ndez<\/a><br \/>\n<a href=\"https:\/\/www.seu-e.cat\/ca\/web\/badalona\/govern-obert-i-transparencia\/informacio-institucional-i-organitzativa\/organitzacio-politica-i-retribucions\/carrecs-electes\/-\/grupPolitic\/veureCarrec\/12292?p_auth=p9HYUKJ5\" rel=\"noopener\" target=\"_blank\">Sonia Egea P\u00e9rez<\/a><br \/>\n<a href=\"https:\/\/www.seu-e.cat\/ca\/web\/badalona\/govern-obert-i-transparencia\/informacio-institucional-i-organitzativa\/organitzacio-politica-i-retribucions\/carrecs-electes\/-\/grupPolitic\/veureCarrec\/6410?p_auth=p9HYUKJ5\" target=\"_blank\" rel=\"noopener\">Florencia Bad\u00eda Avi\u00f1o<\/a>  <br \/>\n<a href=\"https:\/\/www.seu-e.cat\/ca\/web\/badalona\/govern-obert-i-transparencia\/informacio-institucional-i-organitzativa\/organitzacio-politica-i-retribucions\/carrecs-electes\/-\/grupPolitic\/veureCarrec\/6404?p_auth=p9HYUKJ5\" rel=\"noopener\" target=\"_blank\">Daniel Gracia \u00c1lvarez<\/a>  <br \/>\n<a href=\"https:\/\/www.seu-e.cat\/ca\/web\/badalona\/govern-obert-i-transparencia\/informacio-institucional-i-organitzativa\/organitzacio-politica-i-retribucions\/carrecs-electes\/-\/grupPolitic\/veureCarrec\/12291?p_auth=p9HYUKJ5\" rel=\"noopener\" target=\"_blank\">David Mej\u00eda Ayra<\/a><\/td>\n<\/tr>\n<tr class=\"row-5\">\n\t<td class=\"column-1\">Consellers\/as Per la Generalitat <\/td><td class=\"column-2\"><a href=\"https:\/\/www.accio.gencat.cat\/web\/.content\/05_ACCIO\/Agencia\/Normativa-legal-i-transparencia\/Transparencia\/doc\/1-organitzacio\/perfils\/1.2.1.2_Fitxa_Perfil-i-trajectoria-professional_Jaume-Baro-Torres.pdf\" rel=\"noopener\" target=\"_blank\">Jaume Bar\u00f3 Torres<\/a> <br \/>\n<a href=\"https:\/\/marinabadalona.cat\/wp-content\/uploads\/2025\/01\/Antoni-Espanya-Forcadell.pdf\" rel=\"noopener\" target=\"_blank\">Antoni Espanya Forcadell<\/a><br \/>\n<a href=\"https:\/\/marinabadalona.cat\/wp-content\/uploads\/2025\/01\/Jonatan-Ferreras-Roman.pdf\" rel=\"noopener\" target=\"_blank\">Jonatan Ferreras Rom\u00e1n<\/a><br \/>\n<a href=\"https:\/\/marinabadalona.cat\/wp-content\/uploads\/2025\/01\/Maria-Jesus-Lopez-Lopez.pdf\" rel=\"noopener\" target=\"_blank\">Mar\u00eda Jes\u00fas L\u00f3pez L\u00f3pez<\/a><br \/>\n<a href=\"https:\/\/marinabadalona.cat\/wp-content\/uploads\/2025\/01\/Manel-Nadal-i-Farreras.pdf\" rel=\"noopener\" target=\"_blank\">Manel Nadal i Farreras<\/a> <br \/>\n<a href=\"https:\/\/marinabadalona.cat\/wp-content\/uploads\/2025\/01\/David-Prat-Soto.pdf\" rel=\"noopener\" target=\"_blank\">David Prat Soto <\/a><\/td>\n<\/tr>\n<\/tbody>\n<\/table>\n<!-- #tablepress-153 from cache -->[\/vc_column_text][\/vc_column][\/vc_row]<\/p>\n<\/div>","protected":false},"excerpt":{"rendered":"<p>[vc_row type=\u00a0\u00bbfull_width_section\u00a0\u00bb][vc_column width=\u00a0\u00bb1\/1&Prime;][rev_slider_vc alias=\u00a0\u00bbSLIDE-HOME_CA\u00a0\u00bb][\/vc_column][\/vc_row][vc_row top_padding=\u00a0\u00bb100&Prime; bottom_padding=\u00a0\u00bb40&Prime;][vc_column width=\u00a0\u00bb1\/1&Prime;][\/vc_column][\/vc_row][vc_row top_padding=\u00a0\u00bb0&Prime; bottom_padding=\u00a0\u00bb40&Prime; bg_position=\u00a0\u00bbleft top\u00a0\u00bb][vc_column width=\u00a0\u00bb1\/1&Prime;][vc_column_text]Les organes de gouvernance et de direction de la soci\u00e9t\u00e9 sont : L&rsquo;Assembl\u00e9e G\u00e9n\u00e9rale. EIle est compos\u00e9e \u00e0 50% de membres, qui sont le conseil municipal de Badalona et l&rsquo;administration de la Generalitat de Catalunya. EIle est pr\u00e9sid\u00e9e par le maire de la ville. Le Conseil d&rsquo;administration. Compos\u00e9 de 14 personnes (7 repr\u00e9sentant la Mairie et 7 repr\u00e9sentant la Generalitat). Pr\u00e9sid\u00e9 par le maire de la ville. Une 1\u00e8re Vice-Pr\u00e9sidence (Generalitat) et une 2\u00e8me Vice-Pr\u00e9sidence (Conseil Municipal) sont nomm\u00e9es. Le conseil peut choisir de nommer un ou plusieurs directeurs g\u00e9n\u00e9raux parmi ses membres (mandat de 5 ans, renouvelable une ou plusieurs fois pour une dur\u00e9e \u00e9gale). Actuellement ce chiffre n&rsquo;existe pas et la gestion incombe \u00e0 la direction. La gestion. Imanol Sanz Mart\u00ednez est le g\u00e9rant de Marina Badalona depuis le 1er f\u00e9vrier 2013.. [\/vc_column_text][\/vc_column][\/vc_row][vc_row bottom_padding=\u00a0\u00bb20&Prime;][vc_column width=\u00a0\u00bb1\/1&Prime;][vc_column_text][\/vc_column_text][\/vc_column][\/vc_row]<\/p>\n","protected":false},"author":1,"featured_media":0,"parent":0,"menu_order":0,"comment_status":"open","ping_status":"closed","template":"","meta":{"footnotes":""},"class_list":["post-33178","page","type-page","status-publish","hentry"],"_links":{"self":[{"href":"https:\/\/marinabadalona.cat\/fr\/wp-json\/wp\/v2\/pages\/33178","targetHints":{"allow":["GET"]}}],"collection":[{"href":"https:\/\/marinabadalona.cat\/fr\/wp-json\/wp\/v2\/pages"}],"about":[{"href":"https:\/\/marinabadalona.cat\/fr\/wp-json\/wp\/v2\/types\/page"}],"author":[{"embeddable":true,"href":"https:\/\/marinabadalona.cat\/fr\/wp-json\/wp\/v2\/users\/1"}],"replies":[{"embeddable":true,"href":"https:\/\/marinabadalona.cat\/fr\/wp-json\/wp\/v2\/comments?post=33178"}],"version-history":[{"count":4,"href":"https:\/\/marinabadalona.cat\/fr\/wp-json\/wp\/v2\/pages\/33178\/revisions"}],"predecessor-version":[{"id":37631,"href":"https:\/\/marinabadalona.cat\/fr\/wp-json\/wp\/v2\/pages\/33178\/revisions\/37631"}],"wp:attachment":[{"href":"https:\/\/marinabadalona.cat\/fr\/wp-json\/wp\/v2\/media?parent=33178"}],"curies":[{"name":"wp","href":"https:\/\/api.w.org\/{rel}","templated":true}]}}