
{"id":33248,"date":"2022-01-10T10:26:40","date_gmt":"2022-01-10T10:26:40","guid":{"rendered":"https:\/\/marinabadalona.cat\/platja-de-la-marina\/"},"modified":"2024-01-15T12:09:48","modified_gmt":"2024-01-15T11:09:48","slug":"platja-de-la-marina","status":"publish","type":"page","link":"https:\/\/marinabadalona.cat\/fr\/platja-de-la-marina\/","title":{"rendered":"PLAGE DE LA MARINA"},"content":{"rendered":"<div class=\"wpb-content-wrapper\"><p>[vc_row top_padding=\u00a0\u00bb100&Prime; bottom_padding=\u00a0\u00bb80&Prime;][vc_column width=\u00a0\u00bb1\/1&Prime;]<h1 class=\"headline font-special fontsize-xxl fontweight-500 lh-inherit align-center transform-inherit no-transform\" style=\"margin: 0 0 20px 0; color: #222222;\">PLAGE DE LA MARINA<\/h1><div class=\"headline font-special fontsize-l fontweight-400 lh-inherit align-center transform-inherit no-transform\" style=\"margin: 0 15%;\">UNE QUALIT\u00c9 URBAINE AVEC DE NOMBREUSES POSSIBILIT\u00c9S<\/p>\n<\/div>[\/vc_column][\/vc_row][vc_row type=\u00a0\u00bbfull_width_section\u00a0\u00bb][vc_column width=\u00a0\u00bb1\/1&Prime;]<div class=\"divider divider1\" style='margin:0 !important;'><\/div>[\/vc_column][\/vc_row][vc_row type=\u00a0\u00bbfull_width_section\u00a0\u00bb][vc_column bg_color=\u00a0\u00bb#f9f9f9&Prime; column_padding=\u00a0\u00bbpadding-7&Prime; width=\u00a0\u00bb1\/2&Prime;]<h1 class=\"headline font-special fontsize-m fontweight-500 lh-inherit align-left transform-uppercase \" style=\"margin: 0 0 0 0;\">M\u00c9TROPOLITAINE ET EN M\u00caME TEMPS UN PETIT COIN<\/h1><div class=\"divider divider5\" style='margin:10px 0 25px 0 !important;'><\/div>[vc_column_text]<\/p>\n<p style=\"text-align: justify;\">Malgr\u00e9 la proximit\u00e9 de la mer, tous les ports ne peuvent pas se vanter d&rsquo;avoir une plage\u2026 mais ce n&rsquo;est pas notre cas. Le Port de Badalona a, dans l&rsquo;espace du domaine portuaire, avec une qualit\u00e9 urbaine, la Playa de la Marina, situ\u00e9e entre la digue sud du Port et le quartier de La Mora, soumise, par sa particularit\u00e9, \u00e0 une dynamique diff\u00e9rente du reste des plages de la ville.<\/p>\n<p style=\"text-align: justify;\">Par exemple, il maintient un horaire d&rsquo;ouverture et de fermeture en fonction des saisons, conform\u00e9ment \u00e0 la compr\u00e9hension du port, de la communaut\u00e9 de quartier et de la ville de Badalona pour encourager le comportement civique dans l&rsquo;espace naturel. Il dispose \u00e9galement de deux raccourcis, depuis l&rsquo;int\u00e9rieur du port &#8211; le meilleur pour assurer la logistique des \u00e9v\u00e9nements &#8211; et depuis la rue de la mer J\u00f3nico.<\/p>\n<p style=\"text-align: justify;\">EIle est inclus dans le catalogue des plages m\u00e9tropolitaines depuis juillet 2020, lorsqu&rsquo;il est entr\u00e9 en service avec l&rsquo;autorisation de la Generalitat de Catalunya apr\u00e8s les travaux de d\u00e9contamination et d&rsquo;adaptation des espaces assum\u00e9s de Marina de Badalona, \u200b\u200b\u200b\u200bet qui impliquaient un co\u00fbt de pr\u00e8s de 2 millions d\u2019euros.<\/p>\n<p>[\/vc_column_text][\/vc_column][vc_column bg_image=\u00a0\u00bb20836&Prime; column_padding=\u00a0\u00bbpadding-5&Prime; column_center=\u00a0\u00bbtrue\u00a0\u00bb width=\u00a0\u00bb1\/2&Prime;]<div class=\"spacer\" style=\"height: 250px;\"><\/div>[\/vc_column][\/vc_row][vc_row type=\u00a0\u00bbfull_width_section\u00a0\u00bb bg_color=\u00a0\u00bb#f8f8f8&Prime;][vc_column bg_image=\u00a0\u00bb20835&Prime; column_padding=\u00a0\u00bbpadding-5&Prime; column_center=\u00a0\u00bbtrue\u00a0\u00bb width=\u00a0\u00bb1\/2&Prime;]<div class=\"spacer\" style=\"height: 250px;\"><\/div>[\/vc_column][vc_column bg_color=\u00a0\u00bb#5e5e5e\u00a0\u00bb column_padding=\u00a0\u00bbpadding-7&Prime; text_color=\u00a0\u00bblight\u00a0\u00bb width=\u00a0\u00bb1\/2&Prime;][vc_column_text]<\/p>\n<p style=\"text-align: justify;\">Elle a subi un processus de r\u00e9g\u00e9n\u00e9ration des polluants du sable, issus du pass\u00e9 industriel chimique de la r\u00e9gion. C&rsquo;est une plage d&rsquo;environ 150 m\u00e8tres de long, entre 30 et 60 m\u00e8tres de large, une superficie de plus de 7 000 m\u00b2 et avec du sable fin de bonne qualit\u00e9. Cet espace est prot\u00e9g\u00e9 par le brise-lames du Port, ce qui le prot\u00e8ge davantage des temp\u00eates, notamment de l&rsquo;est ou des temp\u00eates du nord-est.<\/p>\n<p style=\"text-align: justify;\">Dans le cadre de l&rsquo;accord global de la mairie avec la zone m\u00e9tropolitaine de Barcelone, cette entit\u00e9 supra-municipale est charg\u00e9e d&rsquo;effectuer le service de nettoyage pr\u00e9vu en basse saison et l&rsquo;augmentation de la fr\u00e9quence en haute saison, de mi-juin \u00e0 mi-septembre .avec nettoyage et criblage quotidiens, et \u00e9galement manuels si le besoin est\u00a0; ainsi que pour faciliter les \u00e9l\u00e9ments de signalisation, les services de sauveteur et de surveillance, les poubelles et le nettoyage nocturne avec des machines de tout le sable. \u00c0 la deuxi\u00e8me saison, en 2021, des acc\u00e8s avec passerelles et stationnements pour v\u00e9los ont \u00e9t\u00e9 ajout\u00e9s.<\/p>\n<p>[\/vc_column_text][\/vc_column][\/vc_row][vc_row type=\u00a0\u00bbfull_width_section\u00a0\u00bb bg_color=\u00a0\u00bb#f8f8f8&Prime;][vc_column bg_color=\u00a0\u00bb#f9f9f9&Prime; column_padding=\u00a0\u00bbpadding-7&Prime; width=\u00a0\u00bb1\/2&Prime;][vc_column_text]<\/p>\n<p style=\"text-align: justify;\">La plage de La Marina, avec la plage de San Sebasti\u00e1n \u00e0 Barcelone, sont deux plages portuaires de la c\u00f4te m\u00e9tropolitaine, au caract\u00e8re totalement urbain, ce qui facilite les d\u00e9placements \u00e0 pied ou \u00e0 v\u00e9lo depuis chez soi.<\/p>\n<p style=\"text-align: justify;\">Pour les saisons \u00e0 venir, il est pr\u00e9vu de compl\u00e9ter les services et \u00e9galement de programmer des activit\u00e9s et des usages r\u00e9cr\u00e9atifs de mani\u00e8re continue, comme des services gastronomiques avec un bar de plage et des propositions pour, en plus de profiter du paysage naturel de la plage et des bains de mer, des activit\u00e9s comme le paddle surf. , le paddle yoga, le snorkeling, la voile l\u00e9g\u00e8re\u2026 qui se d\u00e9veloppent actuellement de mani\u00e8re ponctuelle.<\/p>\n<div><\/div>\n<p>[\/vc_column_text][\/vc_column][vc_column bg_image=\u00a0\u00bb20838&Prime; column_padding=\u00a0\u00bbpadding-5&Prime; column_center=\u00a0\u00bbtrue\u00a0\u00bb width=\u00a0\u00bb1\/2&Prime;]<div class=\"spacer\" style=\"height: 250px;\"><\/div>[\/vc_column][\/vc_row][vc_row top_padding=\u00a0\u00bb50&Prime;][vc_column width=\u00a0\u00bb5\/6&Prime;]<h3 class=\"headline font-special fontsize-s fontweight-500 lh-inherit align-left transform-inherit \" style=\"margin: 0 0 20px 0;\">SERVICES DE PLAGE DE LA MARINA<\/h3><div class=\"divider divider1\" style='margin:10px 0 40px 0 !important;'><\/div>[\/vc_column][vc_column width=\u00a0\u00bb1\/6&Prime;]<a href=\"https:\/\/marinabadalona.cat\/wp-content\/uploads\/2021\/12\/Totem_PlatjaMarina_2021_V3_2versions.pdf\" target=\"_blank\" class=\"button color-3 small \" style=\"border-radius: 2px;\">PDF<\/a>[\/vc_column][\/vc_row][vc_row type=\u00a0\u00bbfull_width_section\u00a0\u00bb][vc_column width=\u00a0\u00bb1\/3&Prime;]<div class=\"single_image wpb_content_element align-left    \" data-animation=\"none\" data-delay=\"0\"><a href=\"https:\/\/marinabadalona.cat\/wp-content\/uploads\/2022\/01\/platja-marina-badalona-activitats-kait-surf-dortoka.jpg\" class=\"prettyPhoto\" rel=\"prettyPhoto[image]\"><img loading=\"lazy\" decoding=\"async\" width=\"1000\" height=\"1000\" src=\"https:\/\/marinabadalona.cat\/wp-content\/uploads\/2022\/01\/platja-marina-badalona-activitats-kait-surf-dortoka.jpg\" class=\"attachment-full\" alt=\"\" title=\"platja-marina-badalona-activitats-kait-surf-dortoka\" srcset=\"https:\/\/marinabadalona.cat\/wp-content\/uploads\/2022\/01\/platja-marina-badalona-activitats-kait-surf-dortoka.jpg 1000w, https:\/\/marinabadalona.cat\/wp-content\/uploads\/2022\/01\/platja-marina-badalona-activitats-kait-surf-dortoka-300x300.jpg 300w, https:\/\/marinabadalona.cat\/wp-content\/uploads\/2022\/01\/platja-marina-badalona-activitats-kait-surf-dortoka-150x150.jpg 150w, https:\/\/marinabadalona.cat\/wp-content\/uploads\/2022\/01\/platja-marina-badalona-activitats-kait-surf-dortoka-768x768.jpg 768w, https:\/\/marinabadalona.cat\/wp-content\/uploads\/2022\/01\/platja-marina-badalona-activitats-kait-surf-dortoka-80x80.jpg 80w, https:\/\/marinabadalona.cat\/wp-content\/uploads\/2022\/01\/platja-marina-badalona-activitats-kait-surf-dortoka-500x500.jpg 500w, https:\/\/marinabadalona.cat\/wp-content\/uploads\/2022\/01\/platja-marina-badalona-activitats-kait-surf-dortoka-600x600.jpg 600w, https:\/\/marinabadalona.cat\/wp-content\/uploads\/2022\/01\/platja-marina-badalona-activitats-kait-surf-dortoka-100x100.jpg 100w\" sizes=\"auto, (max-width: 1000px) 100vw, 1000px\" \/><\/a><\/div>[\/vc_column][vc_column width=\u00a0\u00bb1\/3&Prime;]<div class=\"single_image wpb_content_element align-left    \" data-animation=\"none\" data-delay=\"0\"><a href=\"https:\/\/marinabadalona.cat\/wp-content\/uploads\/2022\/01\/platja-marina-badalona-activitats-padelsurf-dortoka.jpg\" class=\"prettyPhoto\" rel=\"prettyPhoto[image]\"><img loading=\"lazy\" decoding=\"async\" width=\"1000\" height=\"1000\" src=\"https:\/\/marinabadalona.cat\/wp-content\/uploads\/2022\/01\/platja-marina-badalona-activitats-padelsurf-dortoka.jpg\" class=\"attachment-full\" alt=\"\" title=\"platja-marina-badalona-activitats-padelsurf-dortoka\" srcset=\"https:\/\/marinabadalona.cat\/wp-content\/uploads\/2022\/01\/platja-marina-badalona-activitats-padelsurf-dortoka.jpg 1000w, https:\/\/marinabadalona.cat\/wp-content\/uploads\/2022\/01\/platja-marina-badalona-activitats-padelsurf-dortoka-300x300.jpg 300w, https:\/\/marinabadalona.cat\/wp-content\/uploads\/2022\/01\/platja-marina-badalona-activitats-padelsurf-dortoka-150x150.jpg 150w, https:\/\/marinabadalona.cat\/wp-content\/uploads\/2022\/01\/platja-marina-badalona-activitats-padelsurf-dortoka-768x768.jpg 768w, https:\/\/marinabadalona.cat\/wp-content\/uploads\/2022\/01\/platja-marina-badalona-activitats-padelsurf-dortoka-80x80.jpg 80w, https:\/\/marinabadalona.cat\/wp-content\/uploads\/2022\/01\/platja-marina-badalona-activitats-padelsurf-dortoka-500x500.jpg 500w, https:\/\/marinabadalona.cat\/wp-content\/uploads\/2022\/01\/platja-marina-badalona-activitats-padelsurf-dortoka-600x600.jpg 600w, https:\/\/marinabadalona.cat\/wp-content\/uploads\/2022\/01\/platja-marina-badalona-activitats-padelsurf-dortoka-100x100.jpg 100w\" sizes=\"auto, (max-width: 1000px) 100vw, 1000px\" \/><\/a><\/div>[\/vc_column][vc_column width=\u00a0\u00bb1\/3&Prime;]<div class=\"single_image wpb_content_element align-left    \" data-animation=\"none\" data-delay=\"0\"><a href=\"https:\/\/marinabadalona.cat\/wp-content\/uploads\/2022\/01\/platja-marina-badalona-activitats-skate-decatlon-dortoka.jpg\" class=\"prettyPhoto\" rel=\"prettyPhoto[image]\"><img loading=\"lazy\" decoding=\"async\" width=\"1000\" height=\"1000\" src=\"https:\/\/marinabadalona.cat\/wp-content\/uploads\/2022\/01\/platja-marina-badalona-activitats-skate-decatlon-dortoka.jpg\" class=\"attachment-full\" alt=\"\" title=\"platja-marina-badalona-activitats-skate-decatlon-dortoka\" srcset=\"https:\/\/marinabadalona.cat\/wp-content\/uploads\/2022\/01\/platja-marina-badalona-activitats-skate-decatlon-dortoka.jpg 1000w, https:\/\/marinabadalona.cat\/wp-content\/uploads\/2022\/01\/platja-marina-badalona-activitats-skate-decatlon-dortoka-300x300.jpg 300w, https:\/\/marinabadalona.cat\/wp-content\/uploads\/2022\/01\/platja-marina-badalona-activitats-skate-decatlon-dortoka-150x150.jpg 150w, https:\/\/marinabadalona.cat\/wp-content\/uploads\/2022\/01\/platja-marina-badalona-activitats-skate-decatlon-dortoka-768x768.jpg 768w, https:\/\/marinabadalona.cat\/wp-content\/uploads\/2022\/01\/platja-marina-badalona-activitats-skate-decatlon-dortoka-80x80.jpg 80w, https:\/\/marinabadalona.cat\/wp-content\/uploads\/2022\/01\/platja-marina-badalona-activitats-skate-decatlon-dortoka-500x500.jpg 500w, https:\/\/marinabadalona.cat\/wp-content\/uploads\/2022\/01\/platja-marina-badalona-activitats-skate-decatlon-dortoka-600x600.jpg 600w, https:\/\/marinabadalona.cat\/wp-content\/uploads\/2022\/01\/platja-marina-badalona-activitats-skate-decatlon-dortoka-100x100.jpg 100w\" sizes=\"auto, (max-width: 1000px) 100vw, 1000px\" \/><\/a><\/div>[\/vc_column][\/vc_row]<\/p>\n<\/div>","protected":false},"excerpt":{"rendered":"<p>[vc_row top_padding=\u00a0\u00bb100&Prime; bottom_padding=\u00a0\u00bb80&Prime;][vc_column width=\u00a0\u00bb1\/1&Prime;][\/vc_column][\/vc_row][vc_row type=\u00a0\u00bbfull_width_section\u00a0\u00bb][vc_column width=\u00a0\u00bb1\/1&Prime;][\/vc_column][\/vc_row][vc_row type=\u00a0\u00bbfull_width_section\u00a0\u00bb][vc_column bg_color=\u00a0\u00bb#f9f9f9&Prime; column_padding=\u00a0\u00bbpadding-7&Prime; width=\u00a0\u00bb1\/2&Prime;][vc_column_text] Malgr\u00e9 la proximit\u00e9 de la mer, tous les ports ne peuvent pas se vanter d&rsquo;avoir une plage\u2026 mais ce n&rsquo;est pas notre cas. Le Port de Badalona a, dans l&rsquo;espace du domaine portuaire, avec une qualit\u00e9 urbaine, la Playa de la Marina, situ\u00e9e entre la digue sud du Port et le quartier de La Mora, soumise, par sa particularit\u00e9, \u00e0 une dynamique diff\u00e9rente du reste des plages de la ville. Par exemple, il maintient un horaire d&rsquo;ouverture et de fermeture en fonction des saisons, conform\u00e9ment \u00e0 la compr\u00e9hension du port, de la communaut\u00e9 de quartier et de la ville de Badalona pour encourager le comportement civique dans l&rsquo;espace naturel. Il dispose \u00e9galement de deux raccourcis, depuis l&rsquo;int\u00e9rieur du port &#8211; le meilleur pour assurer la logistique des \u00e9v\u00e9nements &#8211; et depuis la rue de la mer J\u00f3nico. EIle est inclus dans le catalogue des plages m\u00e9tropolitaines depuis juillet 2020, lorsqu&rsquo;il est entr\u00e9 en service avec l&rsquo;autorisation de la Generalitat de Catalunya apr\u00e8s les travaux de d\u00e9contamination et d&rsquo;adaptation des espaces assum\u00e9s de Marina de Badalona, \u200b\u200b\u200b\u200bet qui impliquaient un co\u00fbt de pr\u00e8s de 2 millions d\u2019euros. [\/vc_column_text][\/vc_column][vc_column bg_image=\u00a0\u00bb20836&Prime; column_padding=\u00a0\u00bbpadding-5&Prime; column_center=\u00a0\u00bbtrue\u00a0\u00bb [&hellip;]<\/p>\n","protected":false},"author":1,"featured_media":0,"parent":0,"menu_order":0,"comment_status":"closed","ping_status":"closed","template":"","meta":{"footnotes":""},"class_list":["post-33248","page","type-page","status-publish","hentry"],"_links":{"self":[{"href":"https:\/\/marinabadalona.cat\/fr\/wp-json\/wp\/v2\/pages\/33248","targetHints":{"allow":["GET"]}}],"collection":[{"href":"https:\/\/marinabadalona.cat\/fr\/wp-json\/wp\/v2\/pages"}],"about":[{"href":"https:\/\/marinabadalona.cat\/fr\/wp-json\/wp\/v2\/types\/page"}],"author":[{"embeddable":true,"href":"https:\/\/marinabadalona.cat\/fr\/wp-json\/wp\/v2\/users\/1"}],"replies":[{"embeddable":true,"href":"https:\/\/marinabadalona.cat\/fr\/wp-json\/wp\/v2\/comments?post=33248"}],"version-history":[{"count":1,"href":"https:\/\/marinabadalona.cat\/fr\/wp-json\/wp\/v2\/pages\/33248\/revisions"}],"predecessor-version":[{"id":37664,"href":"https:\/\/marinabadalona.cat\/fr\/wp-json\/wp\/v2\/pages\/33248\/revisions\/37664"}],"wp:attachment":[{"href":"https:\/\/marinabadalona.cat\/fr\/wp-json\/wp\/v2\/media?parent=33248"}],"curies":[{"name":"wp","href":"https:\/\/api.w.org\/{rel}","templated":true}]}}